{"id":7513,"date":"2020-06-18T09:25:18","date_gmt":"2020-06-18T09:25:18","guid":{"rendered":"http:\/\/icg-institut.de\/?page_id=7513"},"modified":"2026-08-31T14:51:22","modified_gmt":"2026-08-31T14:51:22","slug":"meilensteine","status":"publish","type":"page","link":"https:\/\/icg-institut.de\/de\/meilensteine\/","title":{"rendered":"Meilensteine"},"content":{"rendered":"<p>[et_pb_section fb_built=&#8220;1&#8243; fullwidth=&#8220;on&#8220; admin_label=&#8220;Page Header&#8220; _builder_version=&#8220;4.16&#8243; background_color=&#8220;#e02b20&#8243; background_image=&#8220;https:\/\/icg-institut.de\/wp-content\/uploads\/2020\/04\/business-07.jpg&#8220; parallax=&#8220;on&#8220; locked=&#8220;off&#8220; global_colors_info=&#8220;{}&#8220;][et_pb_fullwidth_header text_orientation=&#8220;center&#8220; content_tablet=&#8220;<\/p>\n<p style=%22text-align: center;%22>MEILENSTEINE<\/p>\n<p>&#8220; content_phone=&#8220;<\/p>\n<p style=%22text-align: center;%22>MEILENSTEINE<\/p>\n<p>&#8220; content_last_edited=&#8220;on|phone&#8220; admin_label=&#8220;Hero Section&#8220; _builder_version=&#8220;4.16&#8243; title_font=&#8220;Montserrat||||||||&#8220; title_font_size=&#8220;60px&#8220; title_line_height=&#8220;1.4em&#8220; content_font_size=&#8220;40px&#8220; content_line_height=&#8220;1.8em&#8220; subhead_font=&#8220;||||&#8220; background_color=&#8220;rgba(255, 255, 255, 0)&#8220; use_background_color_gradient=&#8220;on&#8220; background_color_gradient_stops=&#8220;#622b78 0%|rgba(114,114,219,0.25) 100%&#8220; background_color_gradient_start=&#8220;#622b78&#8243; background_color_gradient_end=&#8220;rgba(114,114,219,0.25)&#8220; custom_button_one=&#8220;on&#8220; button_one_text_size=&#8220;16px&#8220; button_one_bg_color=&#8220;#6eba01&#8243; button_one_border_width=&#8220;2px&#8220; button_one_border_color=&#8220;#6eba01&#8243; button_one_border_radius=&#8220;0&#8243; button_one_letter_spacing=&#8220;2&#8243; button_one_font=&#8220;Montserrat|||on|&#8220; button_one_use_icon=&#8220;off&#8220; custom_button_two=&#8220;on&#8220; button_two_text_size=&#8220;16px&#8220; button_two_border_width=&#8220;2px&#8220; button_two_border_color=&#8220;#ffffff&#8220; button_two_border_radius=&#8220;0&#8243; button_two_letter_spacing=&#8220;2&#8243; button_two_font=&#8220;Montserrat|||on|&#8220; button_two_use_icon=&#8220;off&#8220; module_alignment=&#8220;left&#8220; custom_margin=&#8220;0px||0px||true|false&#8220; custom_padding=&#8220;||||true|false&#8220; animation_style=&#8220;fade&#8220; content_font_size_tablet=&#8220;&#8220; content_font_size_phone=&#8220;28px&#8220; content_font_size_last_edited=&#8220;on|phone&#8220; button_one_text_color_hover=&#8220;#6eba01&#8243; button_two_text_color_hover=&#8220;#6eba01&#8243; button_one_border_color_hover=&#8220;#ffffff&#8220; button_two_border_color_hover=&#8220;#ffffff&#8220; button_one_border_radius_hover=&#8220;0&#8243; button_two_border_radius_hover=&#8220;0&#8243; button_one_letter_spacing_hover=&#8220;2&#8243; button_two_letter_spacing_hover=&#8220;2&#8243; button_one_bg_color_hover=&#8220;#ffffff&#8220; button_two_bg_color_hover=&#8220;#ffffff&#8220; global_colors_info=&#8220;{}&#8220; button_one_text_size__hover_enabled=&#8220;off&#8220; button_two_text_size__hover_enabled=&#8220;off&#8220; button_one_text_color__hover_enabled=&#8220;on&#8220; button_one_text_color__hover=&#8220;#6eba01&#8243; button_two_text_color__hover_enabled=&#8220;on&#8220; button_two_text_color__hover=&#8220;#6eba01&#8243; button_one_border_width__hover_enabled=&#8220;off&#8220; button_two_border_width__hover_enabled=&#8220;off&#8220; button_one_border_color__hover_enabled=&#8220;on&#8220; button_one_border_color__hover=&#8220;#ffffff&#8220; button_two_border_color__hover_enabled=&#8220;on&#8220; button_two_border_color__hover=&#8220;#ffffff&#8220; button_one_border_radius__hover_enabled=&#8220;on&#8220; button_one_border_radius__hover=&#8220;0&#8243; button_two_border_radius__hover_enabled=&#8220;on&#8220; button_two_border_radius__hover=&#8220;0&#8243; button_one_letter_spacing__hover_enabled=&#8220;on&#8220; button_one_letter_spacing__hover=&#8220;2&#8243; button_two_letter_spacing__hover_enabled=&#8220;on&#8220; button_two_letter_spacing__hover=&#8220;2&#8243; button_one_bg_color__hover_enabled=&#8220;on&#8220; button_one_bg_color__hover=&#8220;#ffffff&#8220; button_two_bg_color__hover_enabled=&#8220;on&#8220; button_two_bg_color__hover=&#8220;#ffffff&#8220;]<\/p>\n<p style=\"text-align: center;\">MEILENSTEINE<\/p>\n<p>[\/et_pb_fullwidth_header][\/et_pb_section][et_pb_section fb_built=&#8220;1&#8243; specialty=&#8220;on&#8220; disabled_on=&#8220;on|off|off&#8220; _builder_version=&#8220;4.16&#8243; background_color=&#8220;#F4F4F4&#8243; width=&#8220;100%&#8220; inner_width=&#8220;80%&#8220; global_colors_info=&#8220;{}&#8220;][et_pb_column type=&#8220;1_3&#8243; _builder_version=&#8220;4.16&#8243; custom_padding=&#8220;|||&#8220; global_colors_info=&#8220;{}&#8220; custom_padding__hover=&#8220;|||&#8220;][et_pb_text _builder_version=&#8220;4.16&#8243; global_colors_info=&#8220;{}&#8220;]<\/p>\n<h2>MEILENSTEINE DES ICG<\/h2>\n<p>[\/et_pb_text][\/et_pb_column][et_pb_column type=&#8220;2_3&#8243; specialty_columns=&#8220;2&#8243; _builder_version=&#8220;4.16&#8243; custom_padding=&#8220;|||&#8220; global_colors_info=&#8220;{}&#8220; custom_padding__hover=&#8220;|||&#8220;][et_pb_row_inner _builder_version=&#8220;4.27.0&#8243; width_tablet=&#8220;&#8220; width_phone=&#8220;100%&#8220; width_last_edited=&#8220;on|phone&#8220; custom_padding=&#8220;||1%|5%|false|false&#8220; border_width_left=&#8220;2px&#8220; border_color_left=&#8220;#5F2977&#8243; global_colors_info=&#8220;{}&#8220;][et_pb_column_inner saved_specialty_column_type=&#8220;2_3&#8243; _builder_version=&#8220;4.16&#8243; global_colors_info=&#8220;{}&#8220;][et_pb_blurb title=&#8220;2026&#8243; use_icon=&#8220;on&#8220; font_icon=&#8220;&#x5e;||divi||400&#8243; icon_color=&#8220;#5F2977&#8243; icon_placement=&#8220;left&#8220; image_icon_width=&#8220;40px&#8220; content_max_width=&#8220;1100px&#8220; admin_label=&#8220;Informationstext 2026&#8243; _builder_version=&#8220;4.27.6&#8243; header_font=&#8220;Montserrat|700|||||||&#8220; header_text_color=&#8220;#5F2977&#8243; header_font_size=&#8220;18px&#8220; header_line_height=&#8220;1.4em&#8220; body_font=&#8220;Montserrat||||||||&#8220; body_font_size=&#8220;18px&#8220; module_alignment=&#8220;center&#8220; custom_padding=&#8220;||||false|false&#8220; hover_enabled=&#8220;0&#8243; icon_font_size=&#8220;40px&#8220; global_colors_info=&#8220;{}&#8220; sticky_enabled=&#8220;0&#8243;]<\/p>\n<ul>\n<li>1. ICG Member Meet-up in Frankfurt<\/li>\n<li><a href=\"\/de\/summit-2026\/\" target=\"_blank\" rel=\"noopener\">17. German Real Estate Summit<\/a><\/li>\n<li><a href=\"\/de\/risk-governance-day-2026\/\" target=\"_blank\" rel=\"noopener\">1. Risk &amp; Governance Day<\/a><\/li>\n<li>Netzwerk-Treffen zum Thema &#8222;Welche Rolle spielen Vorsta\u0308nde und Aufsichtsra\u0308te bei den gro\u00dfen Transformationsprozessen unserer Zeit?\u201c (<a href=\"\/de\/real-estate-board-academy\/\" target=\"_blank\" rel=\"noopener\">Real Estate Board Academy<\/a> Alumni)<\/li>\n<li>NextGen Board Forum<\/li>\n<li>Verabschiedung des alten NextGen Beirates und Inauguration des <a href=\"\/de\/icg-next\/\" target=\"_blank\" rel=\"noopener\">neuen NextGen Beirates<\/a><\/li>\n<li>Vero\u0308ffentlichung <a href=\"\/de\/social-impact-investing\/handreichung-kirche-im-prozess\/\" target=\"_blank\" rel=\"noopener\">&#8222;Praxishandreichung: Kirche im Prozess&#8220;<\/a> mit begleitenden Fachpanels<\/li>\n<li>Zwei neue Unterzeichner des <a href=\"\/de\/social-impact-investing\/kodex-fuer-social-impact-investing-werte-sinn-wirkung\/\" target=\"_blank\" rel=\"noopener\">SII-KODEX<\/a><\/li>\n<li>Vero\u0308ffentlichung: &#8222;Bezahlbares Wohnen in der Praxis. Konzepte, Instrumente und Best-Practice.&#8220;<\/li>\n<li>Erste SII-Roadshow: &#8222;Social Impact &#8211; Chancen fu\u0308r Du\u0308sseldorf&#8220;<\/li>\n<li>Start eines weiteren <a href=\"\/de\/diversity-on-boards\/mentoring-programm\/\" target=\"_blank\" rel=\"noopener\">Mentoring Programms mit 11 Tandems<\/a><\/li>\n<li>DoB-Netzwerkveranstaltung &#8222;Transformation. Verantwortung. Sichtbarkeit.&#8220;<\/li>\n<\/ul>\n<p>[\/et_pb_blurb][\/et_pb_column_inner][\/et_pb_row_inner][et_pb_row_inner _builder_version=&#8220;4.27.0&#8243; width_tablet=&#8220;&#8220; width_phone=&#8220;100%&#8220; width_last_edited=&#8220;on|phone&#8220; custom_padding=&#8220;||1%|5%|false|false&#8220; border_width_left=&#8220;2px&#8220; border_color_left=&#8220;#5F2977&#8243; global_colors_info=&#8220;{}&#8220;][et_pb_column_inner saved_specialty_column_type=&#8220;2_3&#8243; _builder_version=&#8220;4.16&#8243; global_colors_info=&#8220;{}&#8220;][et_pb_blurb title=&#8220;2025&#8243; use_icon=&#8220;on&#8220; font_icon=&#8220;&#x5e;||divi||400&#8243; icon_color=&#8220;#5F2977&#8243; icon_placement=&#8220;left&#8220; image_icon_width=&#8220;40px&#8220; content_max_width=&#8220;1100px&#8220; _builder_version=&#8220;4.27.0&#8243; header_font=&#8220;Montserrat|700|||||||&#8220; header_text_color=&#8220;#5F2977&#8243; header_font_size=&#8220;18px&#8220; header_line_height=&#8220;1.4em&#8220; body_font=&#8220;Montserrat||||||||&#8220; body_font_size=&#8220;18px&#8220; module_alignment=&#8220;center&#8220; custom_padding=&#8220;||||false|false&#8220; icon_font_size=&#8220;40px&#8220; global_colors_info=&#8220;{}&#8220;]<\/p>\n<ul>\n<li>Ver\u00f6ffentlichung des Leitfadens: &#8222;<span style=\"color: #6b2474;\"><a href=\"https:\/\/icg-institut.de\/de\/social-impact-investing\/zukunftschance-bestandsentwicklung\/\" target=\"_blank\" rel=\"noopener\">Zukunftschance Bestandsentwicklung &#8211; von Distressed zu Opportunity<\/a>&#8222;<\/span><\/li>\n<li>1. ICG NextGen Board Forum<\/li>\n<li><span style=\"color: #6b2474;\"><a href=\"https:\/\/icg-institut.de\/de\/transformation-day\/\" target=\"_blank\" rel=\"noopener\">2. Transformation Day \u201eStabilisieren \u2013 Sichern \u2013 Sanieren\u201c<\/a><\/span><\/li>\n<li><span style=\"color: #6b2474;\"><a href=\"https:\/\/icg-institut.de\/de\/rueckblick-summit-2025\/\" target=\"_blank\" rel=\"noopener\">16. German Real Estate Summit<\/a><\/span><\/li>\n<li>Ver\u00f6ffentlichung des Leitfadens: \u201e<span style=\"color: #6b2474;\"><a href=\"https:\/\/icg-institut.de\/de\/social-impact-investing\/leitfaden-icg-bildungsorte\/\" target=\"_blank\" rel=\"noopener\">Bildungsorte mit Zukunft. Impact gestalten. Nachhaltig investieren.<\/a><\/span>\u201c<\/li>\n<li>1. Digitales Onboarding und aktuelle Informationen des ICG &#8211; Nutzen und Aktivit\u00e4ten f\u00fcr Mitglieder<\/li>\n<li>Masterclass \u2013 Seminar I der ICG Real Estate Board Academy<span style=\"color: #6b2474;\"><\/span><\/li>\n<li>Ver\u00f6ffentlichung unseres aktualisierten und \u00fcberarbeiteten \u201e<span style=\"color: #6b2474;\"><a href=\"https:\/\/icg-institut.de\/de\/social-impact-investing-handbuch\/\" target=\"_blank\" rel=\"noopener\">Handbuch f\u00fcr eine neue Immobilienwirtschaft.<\/a><\/span>\u201c<\/li>\n<li>\u201eReal Estate \u2013 Real Impact\u201c \u2013 Die gro\u00dfe Abschlussveranstaltung der Social Impact Investing-Initiative<\/li>\n<li>Verleihung des 4. Real Estate Social Impact Investing Awards<\/li>\n<\/ul>\n<p>[\/et_pb_blurb][\/et_pb_column_inner][\/et_pb_row_inner][et_pb_row_inner _builder_version=&#8220;4.27.0&#8243; width_tablet=&#8220;&#8220; width_phone=&#8220;100%&#8220; width_last_edited=&#8220;on|phone&#8220; custom_padding=&#8220;||1%|5%|false|false&#8220; border_width_left=&#8220;2px&#8220; border_color_left=&#8220;#5F2977&#8243; global_colors_info=&#8220;{}&#8220;][et_pb_column_inner saved_specialty_column_type=&#8220;2_3&#8243; _builder_version=&#8220;4.16&#8243; global_colors_info=&#8220;{}&#8220;][et_pb_blurb title=&#8220;2024&#8243; use_icon=&#8220;on&#8220; font_icon=&#8220;&#x5e;||divi||400&#8243; icon_color=&#8220;#5F2977&#8243; icon_placement=&#8220;left&#8220; image_icon_width=&#8220;40px&#8220; content_max_width=&#8220;1100px&#8220; _builder_version=&#8220;4.22.2&#8243; header_font=&#8220;Montserrat|700|||||||&#8220; header_text_color=&#8220;#5F2977&#8243; header_font_size=&#8220;18px&#8220; header_line_height=&#8220;1.4em&#8220; body_font=&#8220;Montserrat||||||||&#8220; body_font_size=&#8220;18px&#8220; module_alignment=&#8220;center&#8220; custom_padding=&#8220;||||false|false&#8220; icon_font_size=&#8220;40px&#8220; global_colors_info=&#8220;{}&#8220;]<\/p>\n<ul>\n<li>Das ICG hat in Kooperation mit dem \u201eImmobilienmanager\u201c den dritten <a href=\"https:\/\/icg-institut.de\/de\/sii-initiative-award-gewinner-2023\/\" target=\"_blank\" rel=\"noopener\">Real Estate Social Impact Investing-Award<\/a> verliehen<\/li>\n<li><span style=\"font-size: 18px;\">Durchf\u00fchrung der dritten professionellen Stakeholder-Dialoge mit der Immobilienbranche<\/span><\/li>\n<li>Nominierung des \u201e<a href=\"https:\/\/icg-institut.de\/de\/sii-initiative\/studien#handbuch\" target=\"_blank\" rel=\"noopener\">Das Handbuch f\u00fcr eine neue Immobilienwirtschaft<\/a>\u201c, das erste Grundlagenwerk zum Social Impact Investing (SII) f\u00fcr den Immobilienmanager-Award 2024<\/li>\n<li>Ver\u00f6ffentlichung des Leitfadens: &#8222;<span style=\"color: #6b2474;\">Senior Living 2030&#8243;<\/span>\u00a0<\/li>\n<li><a href=\"https:\/\/icg-institut.de\/de\/icg-next\/\" target=\"_blank\" rel=\"noopener\"><\/a>Jubil\u00e4umsveranstaltung 15. German Real Estate Summit<\/li>\n<li>Ver\u00f6ffentlichung <span style=\"color: #6b2474;\">&#8222;Leitfaden zum sicheren Umgang mit Daten in der Immobilienbranche&#8220;<\/span><\/li>\n<\/ul>\n<p>[\/et_pb_blurb][\/et_pb_column_inner][\/et_pb_row_inner][et_pb_row_inner _builder_version=&#8220;4.16&#8243; width_tablet=&#8220;&#8220; width_phone=&#8220;100%&#8220; width_last_edited=&#8220;on|phone&#8220; custom_padding=&#8220;||1%|5%|false|false&#8220; border_width_left=&#8220;2px&#8220; border_color_left=&#8220;#5F2977&#8243; global_colors_info=&#8220;{}&#8220;][et_pb_column_inner saved_specialty_column_type=&#8220;2_3&#8243; _builder_version=&#8220;4.16&#8243; global_colors_info=&#8220;{}&#8220;][et_pb_blurb title=&#8220;2023&#8243; use_icon=&#8220;on&#8220; font_icon=&#8220;&#x5e;||divi||400&#8243; icon_color=&#8220;#5F2977&#8243; icon_placement=&#8220;left&#8220; image_icon_width=&#8220;40px&#8220; content_max_width=&#8220;1100px&#8220; _builder_version=&#8220;4.22.2&#8243; header_font=&#8220;Montserrat|700|||||||&#8220; header_text_color=&#8220;#5F2977&#8243; header_font_size=&#8220;18px&#8220; header_line_height=&#8220;1.4em&#8220; body_font=&#8220;Montserrat||||||||&#8220; body_font_size=&#8220;18px&#8220; module_alignment=&#8220;center&#8220; custom_padding=&#8220;||||false|false&#8220; icon_font_size=&#8220;40px&#8220; global_colors_info=&#8220;{}&#8220;]<\/p>\n<ul>\n<li>Das ICG hat in Kooperation mit dem \u201eImmobilienmanager\u201c den zweiten <a href=\"https:\/\/icg-institut.de\/de\/sii-initiative-award-gewinner-2023\/\" target=\"_blank\" rel=\"noopener\">Real Estate Social Impact Investing-Award<\/a> verliehen<\/li>\n<li>Vorstellung \u201e<a href=\"https:\/\/icg-institut.de\/de\/sii-initiative\/studien#handbuch\" target=\"_blank\" rel=\"noopener\">Das Handbuch f\u00fcr eine neue Immobilienwirtschaft<\/a>\u201c, das erste Grundlagenwerk zum Social Impact Investing (SII)<\/li>\n<li>Durchf\u00fchrung der zweiten professionellen Stakeholder-Dialoge mit der Immobilienbranche<\/li>\n<li>Ver\u00f6ffentlichung des neuen <a href=\"https:\/\/icg-institut.de\/de\/social-impact-investing\/kodex-fuer-social-impact-investing-werte-sinn-wirkung\/\" target=\"_blank\" rel=\"noopener\">Kodex f\u00fcr Social Impact Investing \u201eWerte. Sinn. Wirkung\u201c<\/a><\/li>\n<li>Etablierung eines neuen <a href=\"https:\/\/icg-institut.de\/de\/icg-next\/\" target=\"_blank\" rel=\"noopener\">Beirats f\u00fcr die Next Gen<\/a><\/li>\n<li>10 Jahre REBA-Jubil\u00e4um: Die Akademie f\u00fcr Aufsichts- und Beir\u00e4te in der Immobilienwirtschaft<\/li>\n<li>Karin Barthelmes-Wehr &#8211; 20 Jahre Gesch\u00e4ftsf\u00fchrung<\/li>\n<li>Ver\u00f6ffentlichung der Studie \u201e<a href=\"https:\/\/icg-institut.de\/de\/social-impact-investing\/studie-social-impact-assetklassen\/\" target=\"_blank\" rel=\"noopener\">Social. Impact. Assetklassen.<\/a>\u201c<\/li>\n<\/ul>\n<p>[\/et_pb_blurb][\/et_pb_column_inner][\/et_pb_row_inner][et_pb_row_inner _builder_version=&#8220;4.16&#8243; width_tablet=&#8220;&#8220; width_phone=&#8220;100%&#8220; width_last_edited=&#8220;on|phone&#8220; custom_padding=&#8220;||1%|5%|false|false&#8220; border_width_left=&#8220;2px&#8220; border_color_left=&#8220;#5F2977&#8243; global_colors_info=&#8220;{}&#8220;][et_pb_column_inner saved_specialty_column_type=&#8220;2_3&#8243; _builder_version=&#8220;4.16&#8243; global_colors_info=&#8220;{}&#8220;][et_pb_blurb title=&#8220;2022&#8243; use_icon=&#8220;on&#8220; font_icon=&#8220;&#x5e;||divi||400&#8243; icon_color=&#8220;#5F2977&#8243; icon_placement=&#8220;left&#8220; image_icon_width=&#8220;40px&#8220; content_max_width=&#8220;1100px&#8220; _builder_version=&#8220;4.22.2&#8243; header_font=&#8220;Montserrat|700|||||||&#8220; header_text_color=&#8220;#5F2977&#8243; header_font_size=&#8220;18px&#8220; header_line_height=&#8220;1.4em&#8220; body_font=&#8220;Montserrat||||||||&#8220; body_font_size=&#8220;18px&#8220; module_alignment=&#8220;center&#8220; custom_padding=&#8220;||||false|false&#8220; icon_font_size=&#8220;40px&#8220; global_colors_info=&#8220;{}&#8220;]<\/p>\n<ul>\n<li>Ver\u00f6ffentlichung der Studie \u201e<a href=\"https:\/\/icg-institut.de\/de\/social-impact-investing\/studie-rendite-wert-wirkung\/\" target=\"_blank\" rel=\"noopener\">Rendite. Wert. Wirkung.<\/a>\u201c<\/li>\n<li>Das ICG hat in Kooperation mit dem \u201eImmobilienmanager\u201c den ersten Real Estate Social Impact Investing-Award verliehen<\/li>\n<li>Corporate Responsibility Day, bei dem ein erster Ansto\u00df f\u00fcr Social Impact Investing in der deutschen Immobilienwirtschaft gemeinsam vorangetrieben werden konnte<\/li>\n<li>Durchf\u00fchrung der ersten professionellen Stakeholder-Dialoge mit der Immobilienbranche<\/li>\n<li>Ver\u00f6ffentlichung ICG- und EVW-Leitfaden: &#8222;Digital Leadership &#8211; F\u00fchren im digitalen Zeitalter&#8220;\u00a0<\/li>\n<li>Gewinn des\u00a0Immobilienmanager-Awards 2022<\/li>\n<li><a href=\"https:\/\/icg-institut.de\/de\/20-jaehriges-jubilaeum\/\" target=\"_blank\" rel=\"noopener\">20-j\u00e4hriges Jubil\u00e4um<\/a><\/li>\n<li>Start des Arbeitskreises &#8222;Datenschutz und IT&#8220;<\/li>\n<\/ul>\n<p>[\/et_pb_blurb][et_pb_blurb title=&#8220;2021&#8243; use_icon=&#8220;on&#8220; font_icon=&#8220;&#x5e;||divi||400&#8243; icon_color=&#8220;#5F2977&#8243; icon_placement=&#8220;left&#8220; image_icon_width=&#8220;40px&#8220; content_max_width=&#8220;1100px&#8220; _builder_version=&#8220;4.20.0&#8243; header_font=&#8220;Montserrat|700|||||||&#8220; header_text_color=&#8220;#5F2977&#8243; header_font_size=&#8220;18px&#8220; header_line_height=&#8220;1.4em&#8220; body_font=&#8220;Montserrat||||||||&#8220; body_font_size=&#8220;18px&#8220; module_alignment=&#8220;center&#8220; custom_padding=&#8220;||||false|false&#8220; icon_font_size=&#8220;40px&#8220; global_colors_info=&#8220;{}&#8220;]<\/p>\n<ul>\n<li><span>Ver\u00f6ffentlichung ICG Studie zur Wirkungsmessung von Social Impact Investing<\/span><\/li>\n<li><span>ICG gewinnt den \u201eSonderpreis\u201c des PLATOW Immobilien Awards 2021 in der Kategorie \u201eder freie Award f\u00fcr Dienstleister oder Verb\u00e4nde der Immobilienwirtschaft\u201c<\/span><\/li>\n<li><span>Ver\u00f6ffentlichung \u201eSocial Impact Investing &#8211; Der Praxisleitfaden f\u00fcr die Immobilienwirtschaft\u201c<\/span><\/li>\n<li>Ver\u00f6ffentlichung \u201eKodex f\u00fcr Baukultur\u201c in Kooperation mit der Bundesstiftung Baukultur<\/li>\n<li>Ver\u00f6ffentlichung \u201eBuilding Better Boards\u201c<br \/> <span><\/span><\/li>\n<\/ul>\n<p>[\/et_pb_blurb][\/et_pb_column_inner][\/et_pb_row_inner][et_pb_row_inner _builder_version=&#8220;4.16&#8243; width_tablet=&#8220;&#8220; width_phone=&#8220;100%&#8220; width_last_edited=&#8220;on|phone&#8220; custom_padding=&#8220;||1%|5%|false|false&#8220; border_width_left=&#8220;2px&#8220; border_color_left=&#8220;#5F2977&#8243; global_colors_info=&#8220;{}&#8220;][et_pb_column_inner saved_specialty_column_type=&#8220;2_3&#8243; _builder_version=&#8220;4.16&#8243; global_colors_info=&#8220;{}&#8220;][et_pb_blurb title=&#8220;2020&#8243; use_icon=&#8220;on&#8220; font_icon=&#8220;&#x5e;||divi||400&#8243; icon_color=&#8220;#5F2977&#8243; icon_placement=&#8220;left&#8220; image_icon_width=&#8220;40px&#8220; content_max_width=&#8220;1100px&#8220; _builder_version=&#8220;4.27.0&#8243; header_font=&#8220;Montserrat|700|||||||&#8220; header_text_color=&#8220;#5F2977&#8243; header_font_size=&#8220;18px&#8220; header_line_height=&#8220;1.4em&#8220; body_font=&#8220;Montserrat||||||||&#8220; body_font_size=&#8220;18px&#8220; module_alignment=&#8220;center&#8220; custom_padding=&#8220;||||false|false&#8220; icon_font_size=&#8220;40px&#8220; global_colors_info=&#8220;{}&#8220;]<\/p>\n<ul>\n<li>Susanne Eickermann-Riepe wird Vorstandvorsitzende<\/li>\n<li>Verschiedene digitale Round Tables f\u00fcr Mitglieder und die Branche<\/li>\n<li>Ver\u00f6ffentlichungen zum Thema \u201eGeldw\u00e4sche in der Immobilienwirtschaft\u201c<\/li>\n<\/ul>\n<p>[\/et_pb_blurb][\/et_pb_column_inner][\/et_pb_row_inner][et_pb_row_inner _builder_version=&#8220;4.16&#8243; custom_padding=&#8220;||1%|5%|false|false&#8220; border_width_left=&#8220;2px&#8220; border_color_left=&#8220;#5F2977&#8243; global_colors_info=&#8220;{}&#8220;][et_pb_column_inner saved_specialty_column_type=&#8220;2_3&#8243; _builder_version=&#8220;4.16&#8243; global_colors_info=&#8220;{}&#8220;][et_pb_blurb title=&#8220;2019&#8243; use_icon=&#8220;on&#8220; font_icon=&#8220;&#x5e;||divi||400&#8243; icon_color=&#8220;#5F2977&#8243; icon_placement=&#8220;left&#8220; image_icon_width=&#8220;40px&#8220; content_max_width=&#8220;1100px&#8220; _builder_version=&#8220;4.16&#8243; header_font=&#8220;Montserrat|700|||||||&#8220; header_text_color=&#8220;#5F2977&#8243; header_font_size=&#8220;18px&#8220; header_line_height=&#8220;1.4em&#8220; body_font=&#8220;Montserrat||||||||&#8220; body_font_size=&#8220;18px&#8220; module_alignment=&#8220;center&#8220; icon_font_size=&#8220;40px&#8220; global_colors_info=&#8220;{}&#8220;]<\/p>\n<ul>\n<li>Ver\u00f6ffentlichung \u201eLeitfaden Zeitgem\u00e4\u00dfe Compliance\u201c \u00a0und 10. Summit<\/li>\n<li>Ver\u00f6ffentlichung Praktikerleitfaden \u201eNachhaltige Management- und Verg\u00fctungssysteme\u201c<\/li>\n<li class=\"x_MsoNormal\"><span>ICG-Gesch\u00e4ftsf\u00fchrerin Karin Barthelmes-Wehr wird Vorsitzende der \u201eInternational\u00a0Ethics Standards Coalition\u201c\u00a0<\/span><\/li>\n<\/ul>\n<p>[\/et_pb_blurb][\/et_pb_column_inner][\/et_pb_row_inner][et_pb_row_inner _builder_version=&#8220;4.16&#8243; custom_padding=&#8220;||1%|5%|false|false&#8220; border_width_left=&#8220;2px&#8220; border_color_left=&#8220;#5F2977&#8243; global_colors_info=&#8220;{}&#8220;][et_pb_column_inner saved_specialty_column_type=&#8220;2_3&#8243; _builder_version=&#8220;4.16&#8243; global_colors_info=&#8220;{}&#8220;][et_pb_blurb title=&#8220;2018&#8243; use_icon=&#8220;on&#8220; font_icon=&#8220;&#x5e;||divi||400&#8243; icon_color=&#8220;#5F2977&#8243; icon_placement=&#8220;left&#8220; image_icon_width=&#8220;40px&#8220; content_max_width=&#8220;1100px&#8220; _builder_version=&#8220;4.16&#8243; header_font=&#8220;Montserrat|700|||||||&#8220; header_text_color=&#8220;#5F2977&#8243; header_font_size=&#8220;18px&#8220; header_line_height=&#8220;1.4em&#8220; body_font=&#8220;Montserrat||||||||&#8220; body_font_size=&#8220;18px&#8220; module_alignment=&#8220;center&#8220; icon_font_size=&#8220;40px&#8220; global_colors_info=&#8220;{}&#8220;]<\/p>\n<ul>\n<li>Erneuerung der Reihe ICG Lounge<\/li>\n<\/ul>\n<p>[\/et_pb_blurb][\/et_pb_column_inner][\/et_pb_row_inner][et_pb_row_inner _builder_version=&#8220;4.16&#8243; custom_padding=&#8220;||1%|5%|false|false&#8220; border_width_left=&#8220;2px&#8220; border_color_left=&#8220;#5F2977&#8243; global_colors_info=&#8220;{}&#8220;][et_pb_column_inner saved_specialty_column_type=&#8220;2_3&#8243; _builder_version=&#8220;4.16&#8243; global_colors_info=&#8220;{}&#8220;][et_pb_blurb title=&#8220;2017&#8243; use_icon=&#8220;on&#8220; font_icon=&#8220;&#x5e;||divi||400&#8243; icon_color=&#8220;#5F2977&#8243; icon_placement=&#8220;left&#8220; image_icon_width=&#8220;40px&#8220; content_max_width=&#8220;1100px&#8220; _builder_version=&#8220;4.16&#8243; header_font=&#8220;Montserrat|700|||||||&#8220; header_text_color=&#8220;#5F2977&#8243; header_font_size=&#8220;18px&#8220; header_line_height=&#8220;1.4em&#8220; body_font=&#8220;Montserrat||||||||&#8220; body_font_size=&#8220;18px&#8220; module_alignment=&#8220;center&#8220; icon_font_size=&#8220;40px&#8220; global_colors_info=&#8220;{}&#8220;]<\/p>\n<ul>\n<li>Umbenennung in <b>Institut<\/b> f\u00fcr Corporate Governance <br \/>in der deutschen Immobilienwirtschaft e.V.<\/li>\n<li>15-j\u00e4hriges\u00a0Jubil\u00e4um<\/li>\n<li>Erster\u00a0\u201eICG\u00a0Risk Day\u201c<\/li>\n<li>Ver\u00f6ffentlichung\u00a0Compliance-Risiko-\u00dcbersicht\u00a0 \u201eIT-Sicherheit und\u00a0Datenschutz\u201c<\/li>\n<li>Gewinn des\u00a0\u201eImmobilien Manager\u00a0Awards\u201c<\/li>\n<\/ul>\n<p>[\/et_pb_blurb][\/et_pb_column_inner][\/et_pb_row_inner][et_pb_row_inner _builder_version=&#8220;4.16&#8243; custom_padding=&#8220;||1%|5%|false|false&#8220; border_width_left=&#8220;2px&#8220; border_color_left=&#8220;#5F2977&#8243; global_colors_info=&#8220;{}&#8220;][et_pb_column_inner saved_specialty_column_type=&#8220;2_3&#8243; _builder_version=&#8220;4.16&#8243; global_colors_info=&#8220;{}&#8220;][et_pb_blurb title=&#8220;2016&#8243; use_icon=&#8220;on&#8220; font_icon=&#8220;&#x5e;||divi||400&#8243; icon_color=&#8220;#5F2977&#8243; icon_placement=&#8220;left&#8220; image_icon_width=&#8220;40px&#8220; content_max_width=&#8220;1100px&#8220; _builder_version=&#8220;4.16&#8243; header_font=&#8220;Montserrat|700|||||||&#8220; header_text_color=&#8220;#5F2977&#8243; header_font_size=&#8220;18px&#8220; header_line_height=&#8220;1.4em&#8220; body_font=&#8220;Montserrat||||||||&#8220; body_font_size=&#8220;18px&#8220; module_alignment=&#8220;center&#8220; icon_font_size=&#8220;40px&#8220; global_colors_info=&#8220;{}&#8220;]<\/p>\n<ul>\n<li>Start Programm\u00a0\u201eDiversity on Boards\u201c<\/li>\n<li>\u201eICG Corporate Responsibility Day\u201c und Ver\u00f6fftl. Leitfaden \u201eVerantwortung \u00fcbernehmen\u201c<\/li>\n<\/ul>\n<p>[\/et_pb_blurb][\/et_pb_column_inner][\/et_pb_row_inner][et_pb_row_inner _builder_version=&#8220;4.16&#8243; custom_padding=&#8220;||1%|5%|false|false&#8220; border_width_left=&#8220;2px&#8220; border_color_left=&#8220;#5F2977&#8243; global_colors_info=&#8220;{}&#8220;][et_pb_column_inner saved_specialty_column_type=&#8220;2_3&#8243; _builder_version=&#8220;4.16&#8243; global_colors_info=&#8220;{}&#8220;][et_pb_blurb title=&#8220;2015&#8243; use_icon=&#8220;on&#8220; font_icon=&#8220;&#x5e;||divi||400&#8243; icon_color=&#8220;#5F2977&#8243; icon_placement=&#8220;left&#8220; image_icon_width=&#8220;40px&#8220; content_max_width=&#8220;1100px&#8220; _builder_version=&#8220;4.16&#8243; header_font=&#8220;Montserrat|700|||||||&#8220; header_text_color=&#8220;#5F2977&#8243; header_font_size=&#8220;18px&#8220; header_line_height=&#8220;1.4em&#8220; body_font=&#8220;Montserrat||||||||&#8220; body_font_size=&#8220;18px&#8220; module_alignment=&#8220;center&#8220; icon_font_size=&#8220;40px&#8220; global_colors_info=&#8220;{}&#8220;]<\/p>\n<ul>\n<li class=\"x_MsoNormal\"><span>Gr\u00fcndungsmitglied der von der UNO initiierten \u201eInternational\u00a0Ethics Standards Coalition\u201c<\/span><\/li>\n<li>Erstes Aufbau-Seminar der\u00a0ICG Real Estate Board\u00a0Academy&#8220;<\/li>\n<\/ul>\n<p>[\/et_pb_blurb][\/et_pb_column_inner][\/et_pb_row_inner][et_pb_row_inner _builder_version=&#8220;4.16&#8243; custom_padding=&#8220;||1%|5%|false|false&#8220; border_width_left=&#8220;2px&#8220; border_color_left=&#8220;#5F2977&#8243; global_colors_info=&#8220;{}&#8220;][et_pb_column_inner saved_specialty_column_type=&#8220;2_3&#8243; _builder_version=&#8220;4.16&#8243; global_colors_info=&#8220;{}&#8220;][et_pb_blurb title=&#8220;2014&#8243; use_icon=&#8220;on&#8220; font_icon=&#8220;&#x5e;||divi||400&#8243; icon_color=&#8220;#5F2977&#8243; icon_placement=&#8220;left&#8220; image_icon_width=&#8220;40px&#8220; content_max_width=&#8220;1100px&#8220; _builder_version=&#8220;4.16&#8243; header_font=&#8220;Montserrat|700|||||||&#8220; header_text_color=&#8220;#5F2977&#8243; header_font_size=&#8220;18px&#8220; header_line_height=&#8220;1.4em&#8220; body_font=&#8220;Montserrat||||||||&#8220; body_font_size=&#8220;18px&#8220; module_alignment=&#8220;center&#8220; icon_font_size=&#8220;40px&#8220; global_colors_info=&#8220;{}&#8220;]<\/p>\n<ul>\n<li>Thomas Zinn\u00f6cker wird Vorstandsvorsitzender<\/li>\n<li>\u00dcberarbeitung\u00a0Zertifizierungssystem\u00a0Compliance-Management<\/li>\n<li>Ver\u00f6ffentlichung\u00a0Compliance Risiko\u00fcbersicht\u00a0\u201eDolose\u00a0Handlungen\u201c<\/li>\n<\/ul>\n<p>[\/et_pb_blurb][\/et_pb_column_inner][\/et_pb_row_inner][et_pb_row_inner _builder_version=&#8220;4.16&#8243; custom_padding=&#8220;||1%|5%|false|false&#8220; border_width_left=&#8220;2px&#8220; border_color_left=&#8220;#5F2977&#8243; global_colors_info=&#8220;{}&#8220;][et_pb_column_inner saved_specialty_column_type=&#8220;2_3&#8243; _builder_version=&#8220;4.16&#8243; global_colors_info=&#8220;{}&#8220;][et_pb_blurb title=&#8220;2013&#8243; use_icon=&#8220;on&#8220; font_icon=&#8220;&#x5e;||divi||400&#8243; icon_color=&#8220;#5F2977&#8243; icon_placement=&#8220;left&#8220; image_icon_width=&#8220;40px&#8220; content_max_width=&#8220;1100px&#8220; _builder_version=&#8220;4.16&#8243; header_font=&#8220;Montserrat|700|||||||&#8220; header_text_color=&#8220;#5F2977&#8243; header_font_size=&#8220;18px&#8220; header_line_height=&#8220;1.4em&#8220; body_font=&#8220;Montserrat||||||||&#8220; body_font_size=&#8220;18px&#8220; module_alignment=&#8220;center&#8220; icon_font_size=&#8220;40px&#8220; global_colors_info=&#8220;{}&#8220;]<\/p>\n<ul>\n<li>Dr. Hans Volkert Volckens wird Vorstandsvorsitzender<\/li>\n<li>Erste Ausgabe der ICG-Zeitschrift\u00a0\u201eReal Corporate\u00a0Governance\u201c<\/li>\n<li>Erstes Basisseminar der\u00a0ICG Real Estate Board Academy<\/li>\n<\/ul>\n<p>[\/et_pb_blurb][\/et_pb_column_inner][\/et_pb_row_inner][et_pb_row_inner _builder_version=&#8220;4.16&#8243; custom_padding=&#8220;||1%|5%|false|false&#8220; border_width_left=&#8220;2px&#8220; border_color_left=&#8220;#5F2977&#8243; global_colors_info=&#8220;{}&#8220;][et_pb_column_inner saved_specialty_column_type=&#8220;2_3&#8243; _builder_version=&#8220;4.16&#8243; global_colors_info=&#8220;{}&#8220;][et_pb_blurb title=&#8220;2011&#8243; use_icon=&#8220;on&#8220; font_icon=&#8220;&#x5e;||divi||400&#8243; icon_color=&#8220;#5F2977&#8243; icon_placement=&#8220;left&#8220; image_icon_width=&#8220;40px&#8220; content_max_width=&#8220;1100px&#8220; _builder_version=&#8220;4.16&#8243; header_font=&#8220;Montserrat|700|||||||&#8220; header_text_color=&#8220;#5F2977&#8243; header_font_size=&#8220;18px&#8220; header_line_height=&#8220;1.4em&#8220; body_font=&#8220;Montserrat||||||||&#8220; body_font_size=&#8220;18px&#8220; module_alignment=&#8220;center&#8220; icon_font_size=&#8220;40px&#8220; global_colors_info=&#8220;{}&#8220;]<\/p>\n<ul>\n<li>Ver\u00f6ffentlichung\u00a0Nachhaltigkeitskodex der Immobilienwirtschaft<\/li>\n<\/ul>\n<p>[\/et_pb_blurb][\/et_pb_column_inner][\/et_pb_row_inner][et_pb_row_inner _builder_version=&#8220;4.16&#8243; custom_padding=&#8220;||1%|5%|false|false&#8220; border_width_left=&#8220;2px&#8220; border_color_left=&#8220;#5F2977&#8243; global_colors_info=&#8220;{}&#8220;][et_pb_column_inner saved_specialty_column_type=&#8220;2_3&#8243; _builder_version=&#8220;4.16&#8243; global_colors_info=&#8220;{}&#8220;][et_pb_blurb title=&#8220;2010&#8243; use_icon=&#8220;on&#8220; font_icon=&#8220;&#x5e;||divi||400&#8243; icon_color=&#8220;#5F2977&#8243; icon_placement=&#8220;left&#8220; image_icon_width=&#8220;40px&#8220; content_max_width=&#8220;1100px&#8220; _builder_version=&#8220;4.16&#8243; header_font=&#8220;Montserrat|700|||||||&#8220; header_text_color=&#8220;#5F2977&#8243; header_font_size=&#8220;18px&#8220; header_line_height=&#8220;1.4em&#8220; body_font=&#8220;Montserrat||||||||&#8220; body_font_size=&#8220;18px&#8220; module_alignment=&#8220;center&#8220; icon_font_size=&#8220;40px&#8220; global_colors_info=&#8220;{}&#8220;]<\/p>\n<ul>\n<li>Erste Verleihung\u00a0ICG Zertifizierung (seither 34 Erst- und Wiederholungszertifizierungen)<\/li>\n<li>Erste Jahresveranstaltung \u201eThe German Real Estate Summit\u201c<\/li>\n<\/ul>\n<p>[\/et_pb_blurb][\/et_pb_column_inner][\/et_pb_row_inner][et_pb_row_inner _builder_version=&#8220;4.16&#8243; custom_padding=&#8220;||1%|5%|false|false&#8220; border_width_left=&#8220;2px&#8220; border_color_left=&#8220;#5F2977&#8243; global_colors_info=&#8220;{}&#8220;][et_pb_column_inner saved_specialty_column_type=&#8220;2_3&#8243; _builder_version=&#8220;4.16&#8243; global_colors_info=&#8220;{}&#8220;][et_pb_blurb title=&#8220;2009&#8243; use_icon=&#8220;on&#8220; font_icon=&#8220;&#x5e;||divi||400&#8243; icon_color=&#8220;#5F2977&#8243; icon_placement=&#8220;left&#8220; image_icon_width=&#8220;40px&#8220; content_max_width=&#8220;1100px&#8220; _builder_version=&#8220;4.16&#8243; header_font=&#8220;Montserrat|700|||||||&#8220; header_text_color=&#8220;#5F2977&#8243; header_font_size=&#8220;18px&#8220; header_line_height=&#8220;1.4em&#8220; body_font=&#8220;Montserrat||||||||&#8220; body_font_size=&#8220;18px&#8220; module_alignment=&#8220;center&#8220; icon_font_size=&#8220;40px&#8220; global_colors_info=&#8220;{}&#8220;]<\/p>\n<ul>\n<li>Road Show und Pilotunternehmen\u00a0Zertifizierung<\/li>\n<\/ul>\n<p>[\/et_pb_blurb][\/et_pb_column_inner][\/et_pb_row_inner][et_pb_row_inner _builder_version=&#8220;4.16&#8243; custom_padding=&#8220;||1%|5%|false|false&#8220; border_width_left=&#8220;2px&#8220; border_color_left=&#8220;#5F2977&#8243; global_colors_info=&#8220;{}&#8220;][et_pb_column_inner saved_specialty_column_type=&#8220;2_3&#8243; _builder_version=&#8220;4.16&#8243; global_colors_info=&#8220;{}&#8220;][et_pb_blurb title=&#8220;2008&#8243; use_icon=&#8220;on&#8220; font_icon=&#8220;&#x5e;||divi||400&#8243; icon_color=&#8220;#5F2977&#8243; icon_placement=&#8220;left&#8220; image_icon_width=&#8220;40px&#8220; content_max_width=&#8220;1100px&#8220; _builder_version=&#8220;4.16&#8243; header_font=&#8220;Montserrat|700|||||||&#8220; header_text_color=&#8220;#5F2977&#8243; header_font_size=&#8220;18px&#8220; header_line_height=&#8220;1.4em&#8220; body_font=&#8220;Montserrat||||||||&#8220; body_font_size=&#8220;18px&#8220; module_alignment=&#8220;center&#8220; icon_font_size=&#8220;40px&#8220; global_colors_info=&#8220;{}&#8220;]<\/p>\n<ul>\n<li>Ver\u00f6ffentlichung Pflichtenheft\u00a0\u201eCompliance-Management\u201c<\/li>\n<\/ul>\n<p>[\/et_pb_blurb][et_pb_blurb title=&#8220;2007&#8243; use_icon=&#8220;on&#8220; font_icon=&#8220;&#x5e;||divi||400&#8243; icon_color=&#8220;#5F2977&#8243; icon_placement=&#8220;left&#8220; image_icon_width=&#8220;40px&#8220; content_max_width=&#8220;1100px&#8220; _builder_version=&#8220;4.16&#8243; header_font=&#8220;Montserrat|700|||||||&#8220; header_text_color=&#8220;#5F2977&#8243; header_font_size=&#8220;18px&#8220; header_line_height=&#8220;1.4em&#8220; body_font=&#8220;Montserrat||||||||&#8220; body_font_size=&#8220;18px&#8220; module_alignment=&#8220;center&#8220; icon_font_size=&#8220;40px&#8220; global_colors_info=&#8220;{}&#8220;]<\/p>\n<p>&nbsp;<\/p>\n<ul>\n<li>B\u00e4rbel Schomberg wird Vorstandsvorsitzende<\/li>\n<\/ul>\n<p>[\/et_pb_blurb][\/et_pb_column_inner][\/et_pb_row_inner][et_pb_row_inner _builder_version=&#8220;4.16&#8243; custom_padding=&#8220;||1%|5%|false|false&#8220; border_width_left=&#8220;2px&#8220; border_color_left=&#8220;#5F2977&#8243; global_colors_info=&#8220;{}&#8220;][et_pb_column_inner saved_specialty_column_type=&#8220;2_3&#8243; _builder_version=&#8220;4.16&#8243; global_colors_info=&#8220;{}&#8220;][et_pb_blurb title=&#8220;2006&#8243; use_icon=&#8220;on&#8220; font_icon=&#8220;&#x5e;||divi||400&#8243; icon_color=&#8220;#5F2977&#8243; icon_placement=&#8220;left&#8220; image_icon_width=&#8220;40px&#8220; content_max_width=&#8220;1100px&#8220; _builder_version=&#8220;4.16&#8243; header_font=&#8220;Montserrat|700|||||||&#8220; header_text_color=&#8220;#5F2977&#8243; header_font_size=&#8220;18px&#8220; header_line_height=&#8220;1.4em&#8220; body_font=&#8220;Montserrat||||||||&#8220; body_font_size=&#8220;18px&#8220; module_alignment=&#8220;center&#8220; icon_font_size=&#8220;40px&#8220; global_colors_info=&#8220;{}&#8220;]<\/p>\n<ul>\n<li>Gr\u00fcndung des ZIA\u00a0u.a. durch den ICG Vorstand<\/li>\n<\/ul>\n<p>[\/et_pb_blurb][\/et_pb_column_inner][\/et_pb_row_inner][et_pb_row_inner _builder_version=&#8220;4.16&#8243; custom_padding=&#8220;||1%|5%|false|false&#8220; border_width_left=&#8220;2px&#8220; border_color_left=&#8220;#5F2977&#8243; global_colors_info=&#8220;{}&#8220;][et_pb_column_inner saved_specialty_column_type=&#8220;2_3&#8243; _builder_version=&#8220;4.16&#8243; global_colors_info=&#8220;{}&#8220;][et_pb_blurb title=&#8220;2005&#8243; use_icon=&#8220;on&#8220; font_icon=&#8220;&#x5e;||divi||400&#8243; icon_color=&#8220;#5F2977&#8243; icon_placement=&#8220;left&#8220; image_icon_width=&#8220;40px&#8220; content_max_width=&#8220;1100px&#8220; _builder_version=&#8220;4.16&#8243; header_font=&#8220;Montserrat|700|||||||&#8220; header_text_color=&#8220;#5F2977&#8243; header_font_size=&#8220;18px&#8220; header_line_height=&#8220;1.4em&#8220; body_font=&#8220;Montserrat||||||||&#8220; body_font_size=&#8220;18px&#8220; module_alignment=&#8220;center&#8220; icon_font_size=&#8220;40px&#8220; global_colors_info=&#8220;{}&#8220;]<\/p>\n<ul>\n<li>Ver\u00f6ffentlichung\u00a0Zertifizierungssystem Compliance-Management<\/li>\n<li>Ver\u00f6ffentlichung Leitfaden\u00a0\u201eWerte-Management\u201c<\/li>\n<li>Ver\u00f6ffentlichung &#8222;Rating-Leitfaden&#8220;<\/li>\n<\/ul>\n<p>[\/et_pb_blurb][\/et_pb_column_inner][\/et_pb_row_inner][et_pb_row_inner _builder_version=&#8220;4.16&#8243; custom_padding=&#8220;||1%|5%|false|false&#8220; border_width_left=&#8220;2px&#8220; border_color_left=&#8220;#5F2977&#8243; global_colors_info=&#8220;{}&#8220;][et_pb_column_inner saved_specialty_column_type=&#8220;2_3&#8243; _builder_version=&#8220;4.16&#8243; global_colors_info=&#8220;{}&#8220;][et_pb_blurb title=&#8220;2004&#8243; use_icon=&#8220;on&#8220; font_icon=&#8220;&#x5e;||divi||400&#8243; icon_color=&#8220;#5F2977&#8243; icon_placement=&#8220;left&#8220; image_icon_width=&#8220;40px&#8220; content_max_width=&#8220;1100px&#8220; _builder_version=&#8220;4.16&#8243; header_font=&#8220;Montserrat|700|||||||&#8220; header_text_color=&#8220;#5F2977&#8243; header_font_size=&#8220;18px&#8220; header_line_height=&#8220;1.4em&#8220; body_font=&#8220;Montserrat||||||||&#8220; body_font_size=&#8220;18px&#8220; module_alignment=&#8220;center&#8220; icon_font_size=&#8220;40px&#8220; global_colors_info=&#8220;{}&#8220;]<\/p>\n<ul>\n<li>Erste Ausgabe\u00a0ICG-Newsletter<\/li>\n<li>Ver\u00f6ffentlichung\u00a0\u201eKodex f\u00fcr Treuhandverm\u00f6gen\u201c<\/li>\n<\/ul>\n<p>[\/et_pb_blurb][\/et_pb_column_inner][\/et_pb_row_inner][et_pb_row_inner _builder_version=&#8220;4.16&#8243; custom_padding=&#8220;||1%|5%|false|false&#8220; border_width_left=&#8220;2px&#8220; border_color_left=&#8220;#5F2977&#8243; global_colors_info=&#8220;{}&#8220;][et_pb_column_inner saved_specialty_column_type=&#8220;2_3&#8243; _builder_version=&#8220;4.16&#8243; global_colors_info=&#8220;{}&#8220;][et_pb_blurb title=&#8220;2003&#8243; use_icon=&#8220;on&#8220; font_icon=&#8220;&#x5e;||divi||400&#8243; icon_color=&#8220;#5F2977&#8243; icon_placement=&#8220;left&#8220; image_icon_width=&#8220;40px&#8220; content_max_width=&#8220;1100px&#8220; _builder_version=&#8220;4.16&#8243; header_font=&#8220;Montserrat|700|||||||&#8220; header_text_color=&#8220;#5F2977&#8243; header_font_size=&#8220;18px&#8220; header_line_height=&#8220;1.4em&#8220; body_font=&#8220;Montserrat||||||||&#8220; body_font_size=&#8220;18px&#8220; module_alignment=&#8220;center&#8220; icon_font_size=&#8220;40px&#8220; global_colors_info=&#8220;{}&#8220;]<\/p>\n<ul>\n<li>Ver\u00f6ffentlichung der sog.\u00a0\u201e10 Gebote\u201c\u00a0(Grunds\u00e4tze)<\/li>\n<li>Ver\u00f6ffentlichung\u00a0\u201eCoporate\u00a0Governance-Kodex\u00a0f\u00fcr die Immobilienwirtschaft\u201c<\/li>\n<\/ul>\n<p>[\/et_pb_blurb][\/et_pb_column_inner][\/et_pb_row_inner][et_pb_row_inner _builder_version=&#8220;4.16&#8243; custom_padding=&#8220;||1%|5%|false|false&#8220; border_width_left=&#8220;2px&#8220; border_color_left=&#8220;#5F2977&#8243; locked=&#8220;off&#8220; global_colors_info=&#8220;{}&#8220;][et_pb_column_inner saved_specialty_column_type=&#8220;2_3&#8243; _builder_version=&#8220;4.16&#8243; global_colors_info=&#8220;{}&#8220;][et_pb_blurb title=&#8220;2002&#8243; use_icon=&#8220;on&#8220; font_icon=&#8220;&#x5e;||divi||400&#8243; icon_color=&#8220;#5F2977&#8243; icon_placement=&#8220;left&#8220; image_icon_width=&#8220;40px&#8220; content_max_width=&#8220;1100px&#8220; _builder_version=&#8220;4.16&#8243; header_font=&#8220;Montserrat|700|||||||&#8220; header_text_color=&#8220;#5F2977&#8243; header_font_size=&#8220;18px&#8220; header_line_height=&#8220;1.4em&#8220; body_font=&#8220;Montserrat||||||||&#8220; body_font_size=&#8220;18px&#8220; module_alignment=&#8220;center&#8220; icon_font_size=&#8220;40px&#8220; global_colors_info=&#8220;{}&#8220;]<\/p>\n<ul>\n<li>\n<p>Gr\u00fcndung<\/p>\n<\/li>\n<li>\n<p>Dr.\u00a0Eckart John von Freyend ist<span style=\"font-size: 18px;\">\u00a0Vorstandsvorsitzender<\/span><\/p>\n<\/li>\n<\/ul>\n<p>[\/et_pb_blurb][\/et_pb_column_inner][\/et_pb_row_inner][\/et_pb_column][\/et_pb_section][et_pb_section fb_built=&#8220;1&#8243; disabled_on=&#8220;off|on|on&#8220; _builder_version=&#8220;4.16&#8243; background_color=&#8220;#F4F4F4&#8243; global_colors_info=&#8220;{}&#8220;][et_pb_row _builder_version=&#8220;4.16&#8243; custom_padding=&#8220;0px||0px||false|false&#8220; locked=&#8220;off&#8220; global_colors_info=&#8220;{}&#8220;][et_pb_column type=&#8220;4_4&#8243; _builder_version=&#8220;4.16&#8243; global_colors_info=&#8220;{}&#8220;][et_pb_code _builder_version=&#8220;4.16&#8243; text_orientation=&#8220;center&#8220; global_colors_info=&#8220;{}&#8220;]\n<div class=\"wpml-ls-statics-shortcode_actions wpml-ls wpml-ls-legacy-list-horizontal\">\n\t<ul><li class=\"wpml-ls-slot-shortcode_actions wpml-ls-item wpml-ls-item-en wpml-ls-first-item wpml-ls-last-item wpml-ls-item-legacy-list-horizontal\">\n\t\t\t\t<a href=\"https:\/\/icg-institut.de\/en\/\" class=\"wpml-ls-link\">\n                                                        <img\n            class=\"wpml-ls-flag\"\n            src=\"https:\/\/icg-institut.de\/wp-content\/plugins\/sitepress-multilingual-cms\/res\/flags\/en.png\"\n            alt=\"\"\n            width=18\n            height=12\n    \/><span class=\"wpml-ls-native\" lang=\"en\">English<\/span><\/a>\n\t\t\t<\/li><\/ul>\n<\/div>\n[\/et_pb_code][\/et_pb_column][\/et_pb_row][et_pb_row _builder_version=&#8220;4.16&#8243; global_colors_info=&#8220;{}&#8220;][et_pb_column type=&#8220;4_4&#8243; _builder_version=&#8220;4.16&#8243; global_colors_info=&#8220;{}&#8220;][et_pb_text _builder_version=&#8220;4.16&#8243; global_colors_info=&#8220;{}&#8220;]<\/p>\n<h3><span color=\"#5f2977\" style=\"color: #5f2977;\"><b>MEILENSTEINE DES ICG<\/b><\/span><\/h3>\n<p>[\/et_pb_text][\/et_pb_column][\/et_pb_row][et_pb_row _builder_version=&#8220;4.16&#8243; custom_margin=&#8220;||||true|false&#8220; custom_padding=&#8220;1%||1%||true|false&#8220; global_colors_info=&#8220;{}&#8220;][et_pb_column type=&#8220;4_4&#8243; _builder_version=&#8220;4.16&#8243; global_colors_info=&#8220;{}&#8220;][et_pb_text _builder_version=&#8220;4.16&#8243; global_colors_info=&#8220;{}&#8220;]<\/p>\n<p><strong><span style=\"color: #5f2977;\">2021<\/p>\n<p><\/span><\/strong><\/p>\n<ul>\n<li><span>ICG gewinnt den \u201eSonderpreis\u201c des PLATOW Immobilien Awards 2021 in der Kategorie \u201eder freie Award f\u00fcr Dienstleister oder Verb\u00e4nde der Immobilienwirtschaft\u201c<\/span><\/li>\n<li><span>Ver\u00f6ffentlichung \u201eSocial Impact Investing &#8211; Der Praxisleitfaden f\u00fcr die Immobilienwirtschaft\u201c<\/span><\/li>\n<li>Ver\u00f6ffentlichung \u201eKodex f\u00fcr Baukultur\u201c in Kooperation mit der Bundesstiftung Baukultur<\/li>\n<li>Ver\u00f6ffentlichung \u201eBuilding Better Boards\u201c<\/li>\n<\/ul>\n<p>[\/et_pb_text][\/et_pb_column][\/et_pb_row][et_pb_row _builder_version=&#8220;4.16&#8243; custom_margin=&#8220;||||true|false&#8220; custom_padding=&#8220;1%||1%||true|false&#8220; global_colors_info=&#8220;{}&#8220;][et_pb_column type=&#8220;4_4&#8243; _builder_version=&#8220;4.16&#8243; global_colors_info=&#8220;{}&#8220;][et_pb_text _builder_version=&#8220;4.16&#8243; global_colors_info=&#8220;{}&#8220;]<\/p>\n<p><strong><span style=\"color: #5f2977;\">2020<\/span><\/strong><\/p>\n<p><strong><\/strong><\/p>\n<ul>\n<li>Susanne Eickermann-Riepe wird Vorstandvorsitzende<\/li>\n<li>Das ICG wird klimaneutral<\/li>\n<li>Verschiedene digitale Round Tables f\u00fcr Mitglieder und die Branche<\/li>\n<li>Ver\u00f6ffentlichungen zum Thema \u201eGeldw\u00e4sche in der Immobilienwirtschaft\u201c\u00a0<\/li>\n<\/ul>\n<p>[\/et_pb_text][\/et_pb_column][\/et_pb_row][et_pb_row _builder_version=&#8220;4.16&#8243; custom_margin=&#8220;||||true|false&#8220; custom_padding=&#8220;1%||1%||true|false&#8220; global_colors_info=&#8220;{}&#8220;][et_pb_column type=&#8220;4_4&#8243; _builder_version=&#8220;4.16&#8243; global_colors_info=&#8220;{}&#8220;][et_pb_text _builder_version=&#8220;4.16&#8243; global_colors_info=&#8220;{}&#8220;]<\/p>\n<p><strong><span style=\"color: #5f2977;\">2019<\/p>\n<p><\/span><\/strong><\/p>\n<ul>\n<li>Ver\u00f6ffentlichung \u201eLeitfaden Zeitgem\u00e4\u00dfe Compliance\u201c \u00a0und 10. Summit<\/li>\n<li>Ver\u00f6ffentlichung Praktikerleitfaden \u201eNachhaltige Management- und Verg\u00fctungssysteme\u201c<\/li>\n<li class=\"x_MsoNormal\"><span>ICG-Gesch\u00e4ftsf\u00fchrerin Karin Barthelmes-Wehr wird Vorsitzende der \u201eInternational\u00a0Ethics Standards Coalition\u201c<\/span><\/li>\n<\/ul>\n<p>[\/et_pb_text][\/et_pb_column][\/et_pb_row][et_pb_row _builder_version=&#8220;4.16&#8243; custom_margin=&#8220;||||true|false&#8220; custom_padding=&#8220;1%||1%||true|false&#8220; global_colors_info=&#8220;{}&#8220;][et_pb_column type=&#8220;4_4&#8243; _builder_version=&#8220;4.16&#8243; global_colors_info=&#8220;{}&#8220;][et_pb_text _builder_version=&#8220;4.16&#8243; global_colors_info=&#8220;{}&#8220;]<\/p>\n<p><strong><span style=\"color: #5f2977;\">2018<\/span><\/strong><\/p>\n<p><strong><\/strong><\/p>\n<ul>\n<li>Erneuerung der Reihe ICG Lounge<\/li>\n<\/ul>\n<p>&nbsp;<\/p>\n<p>[\/et_pb_text][\/et_pb_column][\/et_pb_row][et_pb_row _builder_version=&#8220;4.16&#8243; custom_margin=&#8220;||||true|false&#8220; custom_padding=&#8220;1%||1%||true|false&#8220; global_colors_info=&#8220;{}&#8220;][et_pb_column type=&#8220;4_4&#8243; _builder_version=&#8220;4.16&#8243; global_colors_info=&#8220;{}&#8220;][et_pb_text _builder_version=&#8220;4.16&#8243; global_colors_info=&#8220;{}&#8220;]<\/p>\n<p><strong><span style=\"color: #5f2977;\">2017<\/span><\/strong><\/p>\n<p><strong><\/strong><\/p>\n<ul>\n<li>Umbenennung in <b>Institut<\/b> f\u00fcr Corporate Governance in der deutschen Immobilienwirtschaft e.V.<\/li>\n<li>15-j\u00e4hriges\u00a0Jubil\u00e4um<\/li>\n<li>Erster\u00a0\u201eICG\u00a0Risk Day\u201c<\/li>\n<li>Ver\u00f6ffentlichung\u00a0Compliance-Risiko-\u00dcbersicht\u00a0 \u201eIT-Sicherheit und\u00a0Datenschutz\u201c<\/li>\n<li>Gewinn des\u00a0\u201eImmobilien Manager\u00a0Awards<\/li>\n<\/ul>\n<p>&nbsp;<\/p>\n<p>[\/et_pb_text][\/et_pb_column][\/et_pb_row][et_pb_row _builder_version=&#8220;4.16&#8243; custom_margin=&#8220;||||true|false&#8220; custom_padding=&#8220;1%||1%||true|false&#8220; global_colors_info=&#8220;{}&#8220;][et_pb_column type=&#8220;4_4&#8243; _builder_version=&#8220;4.16&#8243; global_colors_info=&#8220;{}&#8220;][et_pb_text _builder_version=&#8220;4.16&#8243; global_colors_info=&#8220;{}&#8220;]<\/p>\n<p><strong><span style=\"color: #5f2977;\">2016<\/span><\/strong><\/p>\n<p><strong> <\/strong><\/p>\n<p><strong><\/strong><\/p>\n<ul>\n<li>Start Programm\u00a0\u201eDiversity on Boards\u201c<\/li>\n<li>\u201eICG Corporate Responsibility Day\u201c und Ver\u00f6fftl. Leitfaden \u201eVerantwortung \u00fcbernehmen\u201c<\/li>\n<\/ul>\n<p>[\/et_pb_text][\/et_pb_column][\/et_pb_row][et_pb_row _builder_version=&#8220;4.16&#8243; custom_margin=&#8220;||||true|false&#8220; custom_padding=&#8220;1%||1%||true|false&#8220; global_colors_info=&#8220;{}&#8220;][et_pb_column type=&#8220;4_4&#8243; _builder_version=&#8220;4.16&#8243; global_colors_info=&#8220;{}&#8220;][et_pb_text _builder_version=&#8220;4.16&#8243; global_colors_info=&#8220;{}&#8220;]<\/p>\n<p><strong><span style=\"color: #5f2977;\">2015<\/span><\/strong><\/p>\n<p><strong> <\/strong><\/p>\n<p><strong><\/strong><\/p>\n<ul>\n<li><span>Gr\u00fcndungsmitglied der von der UNO initiierten \u201eInternational\u00a0Ethics Standards Coalition&#8220;<\/span><\/li>\n<li>Erstes Aufbau-Seminar der\u00a0ICG Real Estate Board\u00a0Academy<\/li>\n<\/ul>\n<p>[\/et_pb_text][\/et_pb_column][\/et_pb_row][et_pb_row _builder_version=&#8220;4.16&#8243; custom_margin=&#8220;||||true|false&#8220; custom_padding=&#8220;1%||1%||true|false&#8220; global_colors_info=&#8220;{}&#8220;][et_pb_column type=&#8220;4_4&#8243; _builder_version=&#8220;4.16&#8243; global_colors_info=&#8220;{}&#8220;][et_pb_text _builder_version=&#8220;4.16&#8243; global_colors_info=&#8220;{}&#8220;]<\/p>\n<p><strong><span style=\"color: #5f2977;\">2014<\/span><\/strong><\/p>\n<p><strong> <\/strong><\/p>\n<p><strong><\/strong><\/p>\n<ul>\n<li><span style=\"font-size: 16px; background-color: #f4f4f4;\">Thomas Zinn\u00f6cker wird Vorstandsvorsitzender<\/span><\/li>\n<li><span style=\"font-size: 16px;\">\u00dcberarbeitung\u00a0Zertifizierungssystem\u00a0Compliance-Management<\/span><\/li>\n<\/ul>\n<ul>\n<li>Ver\u00f6ffentlichung\u00a0Compliance Risiko\u00fcbersicht\u00a0\u201eDolose\u00a0Handlungen\u201c<\/li>\n<\/ul>\n<p>[\/et_pb_text][\/et_pb_column][\/et_pb_row][et_pb_row _builder_version=&#8220;4.16&#8243; custom_margin=&#8220;||||true|false&#8220; custom_padding=&#8220;1%||1%||true|false&#8220; global_colors_info=&#8220;{}&#8220;][et_pb_column type=&#8220;4_4&#8243; _builder_version=&#8220;4.16&#8243; global_colors_info=&#8220;{}&#8220;][et_pb_text _builder_version=&#8220;4.16&#8243; global_colors_info=&#8220;{}&#8220;]<\/p>\n<p><strong><span style=\"color: #5f2977;\">2013<\/span><\/strong><\/p>\n<p><strong> <\/strong><\/p>\n<p><strong><\/strong><\/p>\n<ul>\n<li>Dr. Hans Volkert Volckens wird Vorstandsvorsitzender<\/li>\n<li>Erste Ausgabe der ICG-Zeitschrift\u00a0\u201eReal Corporate\u00a0Governance\u201c<\/li>\n<li>Erstes Basisseminar der\u00a0ICG Real Estate Board Academy<\/li>\n<\/ul>\n<p>[\/et_pb_text][\/et_pb_column][\/et_pb_row][et_pb_row _builder_version=&#8220;4.16&#8243; custom_margin=&#8220;||||true|false&#8220; custom_padding=&#8220;1%||1%||true|false&#8220; global_colors_info=&#8220;{}&#8220;][et_pb_column type=&#8220;4_4&#8243; _builder_version=&#8220;4.16&#8243; global_colors_info=&#8220;{}&#8220;][et_pb_text _builder_version=&#8220;4.16&#8243; global_colors_info=&#8220;{}&#8220;]<\/p>\n<p><strong><span style=\"color: #5f2977;\">2011<\/span><\/strong><\/p>\n<p><strong> <\/strong><\/p>\n<p><strong><\/strong><\/p>\n<ul>\n<li>Ver\u00f6ffentlichung\u00a0Nachhaltigkeitskodex der Immobilienwirtschaft<\/li>\n<\/ul>\n<p>[\/et_pb_text][\/et_pb_column][\/et_pb_row][et_pb_row _builder_version=&#8220;4.16&#8243; custom_margin=&#8220;||||true|false&#8220; custom_padding=&#8220;1%||1%||true|false&#8220; global_colors_info=&#8220;{}&#8220;][et_pb_column type=&#8220;4_4&#8243; _builder_version=&#8220;4.16&#8243; global_colors_info=&#8220;{}&#8220;][et_pb_text _builder_version=&#8220;4.16&#8243; global_colors_info=&#8220;{}&#8220;]<\/p>\n<p><strong><span style=\"color: #5f2977;\">2010<\/span><\/strong><\/p>\n<p><strong> <\/strong><\/p>\n<p><strong><\/strong><\/p>\n<ul>\n<li>Erste Verleihung\u00a0ICG Zertifizierung (seither 34 Erst- und Wiederholungszertifizierungen)<\/li>\n<li>Erste Jahresveranstaltung \u201eThe German Real Estate Summit\u201c<\/li>\n<\/ul>\n<p>[\/et_pb_text][\/et_pb_column][\/et_pb_row][et_pb_row _builder_version=&#8220;4.16&#8243; custom_margin=&#8220;||||true|false&#8220; custom_padding=&#8220;1%||1%||true|false&#8220; global_colors_info=&#8220;{}&#8220;][et_pb_column type=&#8220;4_4&#8243; _builder_version=&#8220;4.16&#8243; global_colors_info=&#8220;{}&#8220;][et_pb_text _builder_version=&#8220;4.16&#8243; global_colors_info=&#8220;{}&#8220;]<\/p>\n<p><strong><span style=\"color: #5f2977;\">2009<\/span><\/strong><\/p>\n<p><strong> <\/strong><\/p>\n<p><strong><\/strong><\/p>\n<ul>\n<li>Road Show und Pilotunternehmen\u00a0Zertifizierung<\/li>\n<\/ul>\n<p>[\/et_pb_text][\/et_pb_column][\/et_pb_row][et_pb_row _builder_version=&#8220;4.16&#8243; custom_margin=&#8220;||||true|false&#8220; custom_padding=&#8220;1%||1%||true|false&#8220; global_colors_info=&#8220;{}&#8220;][et_pb_column type=&#8220;4_4&#8243; _builder_version=&#8220;4.16&#8243; global_colors_info=&#8220;{}&#8220;][et_pb_text _builder_version=&#8220;4.16&#8243; global_colors_info=&#8220;{}&#8220;]<\/p>\n<p><strong><span style=\"color: #5f2977;\">2008<\/span><\/strong><\/p>\n<p><strong> <\/strong><\/p>\n<p><strong><\/strong><\/p>\n<ul>\n<li>Ver\u00f6ffentlichung Pflichtenheft\u00a0\u201eCompliance-Management\u201c<\/li>\n<\/ul>\n<p>[\/et_pb_text][\/et_pb_column][\/et_pb_row][et_pb_row _builder_version=&#8220;4.16&#8243; custom_margin=&#8220;||||true|false&#8220; custom_padding=&#8220;1%||1%||true|false&#8220; global_colors_info=&#8220;{}&#8220;][et_pb_column type=&#8220;4_4&#8243; _builder_version=&#8220;4.16&#8243; global_colors_info=&#8220;{}&#8220;][et_pb_text _builder_version=&#8220;4.16&#8243; global_colors_info=&#8220;{}&#8220;]<\/p>\n<p><strong><span style=\"color: #5f2977;\">2007<\/span><\/strong><\/p>\n<p><strong><\/strong><\/p>\n<ul>\n<li>B\u00e4rbel Schomberg wird Vorstandsvorsitzende<\/li>\n<\/ul>\n<p>[\/et_pb_text][\/et_pb_column][\/et_pb_row][et_pb_row _builder_version=&#8220;4.16&#8243; custom_margin=&#8220;||||true|false&#8220; custom_padding=&#8220;1%||1%||true|false&#8220; global_colors_info=&#8220;{}&#8220;][et_pb_column type=&#8220;4_4&#8243; _builder_version=&#8220;4.16&#8243; global_colors_info=&#8220;{}&#8220;][et_pb_text _builder_version=&#8220;4.16&#8243; global_colors_info=&#8220;{}&#8220;]<\/p>\n<p><strong><span style=\"color: #5f2977;\">2006<\/span><\/strong><\/p>\n<p><strong> <\/strong><\/p>\n<p><strong><\/strong><\/p>\n<ul>\n<li>Gr\u00fcndung des ZIA\u00a0u.a. durch den ICG Vorstand<\/li>\n<\/ul>\n<p>[\/et_pb_text][\/et_pb_column][\/et_pb_row][et_pb_row _builder_version=&#8220;4.16&#8243; custom_margin=&#8220;||||true|false&#8220; custom_padding=&#8220;1%||1%||true|false&#8220; global_colors_info=&#8220;{}&#8220;][et_pb_column type=&#8220;4_4&#8243; _builder_version=&#8220;4.16&#8243; global_colors_info=&#8220;{}&#8220;][et_pb_text _builder_version=&#8220;4.16&#8243; global_colors_info=&#8220;{}&#8220;]<\/p>\n<p><strong><span style=\"color: #5f2977;\">2005<\/span><\/strong><\/p>\n<p><strong> <\/strong><\/p>\n<p><strong><\/strong><\/p>\n<ul>\n<li>Ver\u00f6ffentlichung\u00a0Zertifizierungssystem Compliance-Management<\/li>\n<li>Ver\u00f6ffentlichung Leitfaden\u00a0\u201eWerte-Management\u201c<\/li>\n<li>Ver\u00f6ffentlichung &#8222;Rating-Leitfaden&#8220;<\/li>\n<\/ul>\n<p>[\/et_pb_text][\/et_pb_column][\/et_pb_row][et_pb_row _builder_version=&#8220;4.16&#8243; custom_margin=&#8220;||||true|false&#8220; custom_padding=&#8220;1%||1%||true|false&#8220; global_colors_info=&#8220;{}&#8220;][et_pb_column type=&#8220;4_4&#8243; _builder_version=&#8220;4.16&#8243; global_colors_info=&#8220;{}&#8220;][et_pb_text _builder_version=&#8220;4.16&#8243; global_colors_info=&#8220;{}&#8220;]<\/p>\n<p><strong><span style=\"color: #5f2977;\">2004<\/span><\/strong><\/p>\n<p><strong> <\/strong><\/p>\n<p><strong><\/strong><\/p>\n<ul>\n<li>Erste Ausgabe\u00a0ICG-Newsletter<\/li>\n<li>Ver\u00f6ffentlichung\u00a0\u201eKodex f\u00fcr Treuhandverm\u00f6gen\u201c<\/li>\n<\/ul>\n<p>[\/et_pb_text][\/et_pb_column][\/et_pb_row][et_pb_row _builder_version=&#8220;4.16&#8243; custom_margin=&#8220;||||true|false&#8220; custom_padding=&#8220;1%||1%||true|false&#8220; global_colors_info=&#8220;{}&#8220;][et_pb_column type=&#8220;4_4&#8243; _builder_version=&#8220;4.16&#8243; global_colors_info=&#8220;{}&#8220;][et_pb_text _builder_version=&#8220;4.16&#8243; global_colors_info=&#8220;{}&#8220;]<\/p>\n<p><strong><span style=\"color: #5f2977;\">2003<\/p>\n<p><\/span><\/strong><\/p>\n<ul>\n<li>Ver\u00f6ffentlichung der sog.\u00a0\u201e10 Gebote\u201c\u00a0(Grunds\u00e4tze)<\/li>\n<li>Ver\u00f6ffentlichung\u00a0\u201eCoporate\u00a0Governance-Kodex\u00a0f\u00fcr die Immobilienwirtschaft\u201c<\/li>\n<\/ul>\n<p>[\/et_pb_text][et_pb_text _builder_version=&#8220;4.16&#8243; global_colors_info=&#8220;{}&#8220;]<\/p>\n<p><strong><span style=\"color: #5f2977;\">2002<\/span><\/strong><\/p>\n<p>&nbsp;<\/p>\n<ul>\n<li>Gr\u00fcndung<\/li>\n<li>Dr.\u00a0Eckart John von Freyend ist<span>\u00a0Vorstandsvorsitzender<\/span><\/li>\n<\/ul>\n<p>[\/et_pb_text][\/et_pb_column][\/et_pb_row][\/et_pb_section]<\/p>\n","protected":false},"excerpt":{"rendered":"<p>MEILENSTEINEMEILENSTEINE DES ICG 1. ICG Member Meet-up in Frankfurt 17. German Real Estate Summit 1. Risk &amp; Governance Day Netzwerk-Treffen zum Thema &#8222;Welche Rolle spielen Vorsta\u0308nde und Aufsichtsra\u0308te bei den gro\u00dfen Transformationsprozessen unserer Zeit?\u201c (Real Estate Board Academy Alumni) NextGen Board Forum Verabschiedung des alten NextGen Beirates und Inauguration des neuen NextGen Beirates Vero\u0308ffentlichung &#8222;Praxishandreichung: [&hellip;]<\/p>\n","protected":false},"author":2,"featured_media":0,"parent":0,"menu_order":0,"comment_status":"closed","ping_status":"closed","template":"","meta":{"_et_pb_use_builder":"on","_et_pb_old_content":"<!-- wp:divi\/placeholder \/-->","_et_gb_content_width":""},"_links":{"self":[{"href":"https:\/\/icg-institut.de\/de\/wp-json\/wp\/v2\/pages\/7513"}],"collection":[{"href":"https:\/\/icg-institut.de\/de\/wp-json\/wp\/v2\/pages"}],"about":[{"href":"https:\/\/icg-institut.de\/de\/wp-json\/wp\/v2\/types\/page"}],"author":[{"embeddable":true,"href":"https:\/\/icg-institut.de\/de\/wp-json\/wp\/v2\/users\/2"}],"replies":[{"embeddable":true,"href":"https:\/\/icg-institut.de\/de\/wp-json\/wp\/v2\/comments?post=7513"}],"version-history":[{"count":5,"href":"https:\/\/icg-institut.de\/de\/wp-json\/wp\/v2\/pages\/7513\/revisions"}],"predecessor-version":[{"id":26627,"href":"https:\/\/icg-institut.de\/de\/wp-json\/wp\/v2\/pages\/7513\/revisions\/26627"}],"wp:attachment":[{"href":"https:\/\/icg-institut.de\/de\/wp-json\/wp\/v2\/media?parent=7513"}],"curies":[{"name":"wp","href":"https:\/\/api.w.org\/{rel}","templated":true}]}}